{"id":872,"date":"2021-10-01T04:57:29","date_gmt":"2021-10-01T04:57:29","guid":{"rendered":"http:\/\/box2473.temp.domains\/~socieue2\/coreopsis\/autumn-2021-issue\/?page_id=872"},"modified":"2021-10-06T00:48:48","modified_gmt":"2021-10-06T00:48:48","slug":"gatherings-autumn-2021","status":"publish","type":"page","link":"https:\/\/societyforritualarts.com\/coreopsis\/autumn-2021-issue\/gatherings-autumn-2021\/","title":{"rendered":"Gatherings &#8211; Autumn 2021"},"content":{"rendered":"<p>[et_pb_section fb_built=&#8221;1&#8243; admin_label=&#8221;Top thru Author&#8221; _builder_version=&#8221;4.10.6&#8243; background_enable_image=&#8221;off&#8221; min_height=&#8221;250px&#8221; custom_margin=&#8221;0px||-40px||false|false&#8221; custom_padding=&#8221;0px||0px||true|false&#8221; saved_tabs=&#8221;all&#8221; global_colors_info=&#8221;{}&#8221;][et_pb_row column_structure=&#8221;1_4,3_4&#8243; _builder_version=&#8221;3.26.7&#8243; global_colors_info=&#8221;{}&#8221;][et_pb_column type=&#8221;1_4&#8243; _builder_version=&#8221;3.26.6&#8243; global_colors_info=&#8221;{}&#8221;][\/et_pb_column][et_pb_column type=&#8221;3_4&#8243; _builder_version=&#8221;3.26.6&#8243; global_colors_info=&#8221;{}&#8221;][et_pb_image src=&#8221;http:\/\/box2473.temp.domains\/~socieue2\/coreopsis\/autumn-2021-issue\/wp-content\/uploads\/2021\/09\/coreopsis-winter-2019-header.png&#8221; admin_label=&#8221;Coreopsis logo&#8221; _builder_version=&#8221;3.26.6&#8243; global_colors_info=&#8221;{}&#8221;][\/et_pb_image][\/et_pb_column][\/et_pb_row][et_pb_row column_structure=&#8221;1_5,3_5,1_5&#8243; _builder_version=&#8221;3.26.7&#8243; global_colors_info=&#8221;{}&#8221;][et_pb_column type=&#8221;1_5&#8243; _builder_version=&#8221;3.26.6&#8243; global_colors_info=&#8221;{}&#8221;][\/et_pb_column][et_pb_column type=&#8221;3_5&#8243; _builder_version=&#8221;3.26.6&#8243; global_colors_info=&#8221;{}&#8221;][et_pb_text admin_label=&#8221;Title &#038; Author&#8221; module_id=&#8221;author&#8221; module_class=&#8221;noindent&#8221; _builder_version=&#8221;4.11.0&#8243; global_colors_info=&#8221;{}&#8221;]<\/p>\n<h1>Gatherings &#8211; Autumn 2021<\/h1>\n<p>[\/et_pb_text][\/et_pb_column][et_pb_column type=&#8221;1_5&#8243; _builder_version=&#8221;3.26.6&#8243; global_colors_info=&#8221;{}&#8221;][\/et_pb_column][\/et_pb_row][\/et_pb_section][et_pb_section fb_built=&#8221;1&#8243; admin_label=&#8221;Content Block&#8221; _builder_version=&#8221;4.9.1&#8243; background_enable_image=&#8221;off&#8221; custom_margin=&#8221;0px||0px||true|false&#8221; custom_padding=&#8221;0px||0px||true|false&#8221; saved_tabs=&#8221;all&#8221; global_colors_info=&#8221;{}&#8221;][et_pb_row column_structure=&#8221;1_4,3_4&#8243; _builder_version=&#8221;3.26.7&#8243; global_colors_info=&#8221;{}&#8221;][et_pb_column type=&#8221;1_4&#8243; _builder_version=&#8221;3.26.6&#8243; global_colors_info=&#8221;{}&#8221;][\/et_pb_column][et_pb_column type=&#8221;3_4&#8243; _builder_version=&#8221;3.26.6&#8243; global_colors_info=&#8221;{}&#8221;][et_pb_text _builder_version=&#8221;4.11.0&#8243; custom_margin=&#8221;||||false|false&#8221; custom_padding=&#8221;||0px|||&#8221; global_colors_info=&#8221;{}&#8221;]<\/p>\n<h2>Conferences, Festivals, Events<\/h2>\n<p><i>Placed here in the order that we received the announcement. <\/i>To have your gathering listed in<i> Coreopsis Journal<\/i>, please send a one-paragraph description, with publication and purchasing data included, to <a href=\"mailto:coreopsisjournalofmyththeatre@gmail.com\">coreopsisjournalofmyththeatre@gmail.com<\/a>, with subject line: \u201cConferences &amp; Festivals.\u201d Auditions, festivals, fairs conferences, performances, seminars, workshops, gallery openings, and retreats are all welcomed in <i>Coreopsis Journal.<\/i><\/p>\n<p><i>No PDFs, please.<\/i>\u00a0<\/p>\n<p>The <a href=\"https:\/\/societyforritualarts.com\/\" target=\"_blank\" rel=\"noopener\">Society for Ritual Arts<\/a> plans to hold its semi-annual Awards Gathering in the summer of 2022, in Santa Rosa, CA, in a lovely garden setting. The planning committee will form after the mid-winter holidays. To support this event or to volunteer, write to <a href=\"mailto:lezlie@societyforritualarts.com\">lezlie@societyforritualarts.com<\/a>.<\/p>\n<p>[\/et_pb_text][\/et_pb_column][\/et_pb_row][\/et_pb_section][et_pb_section fb_built=&#8221;1&#8243; _builder_version=&#8221;4.11.1&#8243; _module_preset=&#8221;default&#8221; global_colors_info=&#8221;{}&#8221;][et_pb_row _builder_version=&#8221;4.11.1&#8243; _module_preset=&#8221;default&#8221; global_colors_info=&#8221;{}&#8221;][et_pb_column type=&#8221;4_4&#8243; _builder_version=&#8221;4.11.1&#8243; _module_preset=&#8221;default&#8221; global_colors_info=&#8221;{}&#8221;][et_pb_image src=&#8221;https:\/\/societyforritualarts.com\/coreopsis\/autumn-2021-issue\/wp-content\/uploads\/2021\/10\/curlstop-by-Margaret-Davis-h-1024&#215;351.jpg&#8221; title_text=&#8221;curlstop-by-Margaret-Davis-h&#8221; _builder_version=&#8221;4.11.1&#8243; _module_preset=&#8221;default&#8221; global_colors_info=&#8221;{}&#8221;][\/et_pb_image][\/et_pb_column][\/et_pb_row][\/et_pb_section][et_pb_section fb_built=&#8221;1&#8243; _builder_version=&#8221;4.9.2&#8243; background_enable_image=&#8221;off&#8221; custom_margin=&#8221;||0px||false|false&#8221; custom_padding=&#8221;||0px||false|false&#8221; saved_tabs=&#8221;all&#8221; global_colors_info=&#8221;{}&#8221;][et_pb_row column_structure=&#8221;2_5,3_5&#8243; _builder_version=&#8221;3.26.6&#8243; global_colors_info=&#8221;{}&#8221;][et_pb_column type=&#8221;2_5&#8243; _builder_version=&#8221;3.26.6&#8243; global_colors_info=&#8221;{}&#8221;][et_pb_image src=&#8221;http:\/\/box2473.temp.domains\/~socieue2\/coreopsis\/autumn-2021-issue\/wp-content\/uploads\/2021\/10\/YCMF-logo-2019-Text.png&#8221; title_text=&#8221;YCMF-logo-2019-Text&#8221; _builder_version=&#8221;4.11.0&#8243; global_colors_info=&#8221;{}&#8221;][\/et_pb_image][\/et_pb_column][et_pb_column type=&#8221;3_5&#8243; _builder_version=&#8221;3.26.6&#8243; global_colors_info=&#8221;{}&#8221;][et_pb_text module_class=&#8221;noindent&#8221; _builder_version=&#8221;4.11.0&#8243; global_colors_info=&#8221;{}&#8221;]<\/p>\n<h2>Yachats Celtic Music Festival<\/h2>\n<p>The Polly Plumb Productions Board of Directors sadly announces the 2021 <a href=\"https:\/\/yachatscelticmusicfestival.org\/\" target=\"_blank\" rel=\"noopener\">Yachats Celtic Music Festival <\/a>has been canceled due to issues related to COVID-19.\u00a0<\/p>\n<p>We plan on continuing the festival in 2022, with Altan as the headliner. We are sorry for the inconvenience and thank everyone for your support and understanding.<\/p>\n<p>Ticket purchasers, please follow Brown Paper Tickets procedures for a full refund of your ticket costs.<\/p>\n<p>Our mailing address is:<\/p>\n<p>Yachats Celtic Music Festival<br \/>PO Box 128<br \/>Yachats, OR 97498<\/p>\n<p>[\/et_pb_text][\/et_pb_column][\/et_pb_row][et_pb_row _builder_version=&#8221;3.26.7&#8243; global_colors_info=&#8221;{}&#8221;][et_pb_column type=&#8221;4_4&#8243; _builder_version=&#8221;3.26.7&#8243; global_colors_info=&#8221;{}&#8221;][et_pb_divider divider_weight=&#8221;3px&#8221; _builder_version=&#8221;3.26.7&#8243; width=&#8221;60%&#8221; module_alignment=&#8221;center&#8221; global_colors_info=&#8221;{}&#8221;][\/et_pb_divider][\/et_pb_column][\/et_pb_row][\/et_pb_section][et_pb_section fb_built=&#8221;1&#8243; _builder_version=&#8221;4.9.2&#8243; background_enable_image=&#8221;off&#8221; custom_margin=&#8221;||0px||false|false&#8221; custom_padding=&#8221;||0px||false|false&#8221; saved_tabs=&#8221;all&#8221; global_colors_info=&#8221;{}&#8221;][et_pb_row column_structure=&#8221;2_5,3_5&#8243; _builder_version=&#8221;3.26.6&#8243; global_colors_info=&#8221;{}&#8221;][et_pb_column type=&#8221;2_5&#8243; _builder_version=&#8221;3.26.6&#8243; global_colors_info=&#8221;{}&#8221;][et_pb_image src=&#8221;http:\/\/box2473.temp.domains\/~socieue2\/coreopsis\/autumn-2021-issue\/wp-content\/uploads\/2021\/10\/MichaelStarkman_SpiralDance2007_06_09-292&#215;300.jpg&#8221; title_text=&#8221;MichaelStarkman_SpiralDance2007_06_09&#8243; _builder_version=&#8221;4.11.0&#8243; global_colors_info=&#8221;{}&#8221;][\/et_pb_image][\/et_pb_column][et_pb_column type=&#8221;3_5&#8243; _builder_version=&#8221;3.26.6&#8243; global_colors_info=&#8221;{}&#8221;][et_pb_text module_class=&#8221;noindent&#8221; _builder_version=&#8221;4.11.0&#8243; global_colors_info=&#8221;{}&#8221;]<\/p>\n<p>THE 42 ANNUAL RECLAIMING SPIRAL DANCE WILL BE HELD ON SATURDAY, OCTOBER 30TH FROM 1:00 TO 3:30 PM PACIFIC TIME ZONE<\/p>\n<p>Donation-based Tickets are Now Available!<\/p>\n<p>PURCHASE TICKETS<\/p>\n<p>The ritual will be available through a Reclaiming YouTube channel for easy streaming, even for people with standard or slow connectivity. Instructions and links will be shared upon registration through Eventbrite.<br \/><a href=\"https:\/\/www.eventbrite.com\/o\/34454323740\" target=\"_blank\" rel=\"noopener\">Tickets: https:\/\/www.eventbrite.com\/o\/34454323740<\/a><\/p>\n<p>[\/et_pb_text][\/et_pb_column][\/et_pb_row][et_pb_row _builder_version=&#8221;3.26.7&#8243; global_colors_info=&#8221;{}&#8221;][et_pb_column type=&#8221;4_4&#8243; _builder_version=&#8221;3.26.7&#8243; global_colors_info=&#8221;{}&#8221;][et_pb_divider divider_weight=&#8221;3px&#8221; _builder_version=&#8221;3.26.7&#8243; width=&#8221;60%&#8221; module_alignment=&#8221;center&#8221; global_colors_info=&#8221;{}&#8221;][\/et_pb_divider][\/et_pb_column][\/et_pb_row][\/et_pb_section][et_pb_section fb_built=&#8221;1&#8243; _builder_version=&#8221;4.9.2&#8243; background_enable_image=&#8221;off&#8221; custom_margin=&#8221;||0px||false|false&#8221; custom_padding=&#8221;||0px||false|false&#8221; saved_tabs=&#8221;all&#8221; global_colors_info=&#8221;{}&#8221;][et_pb_row column_structure=&#8221;2_5,3_5&#8243; _builder_version=&#8221;3.26.6&#8243; global_colors_info=&#8221;{}&#8221;][et_pb_column type=&#8221;2_5&#8243; _builder_version=&#8221;3.26.6&#8243; global_colors_info=&#8221;{}&#8221;][et_pb_image src=&#8221;http:\/\/box2473.temp.domains\/~socieue2\/coreopsis\/autumn-2021-issue\/wp-content\/uploads\/2021\/10\/Festival-of-the-Souls.jpg&#8221; title_text=&#8221;Festival of the Souls&#8221; _builder_version=&#8221;4.11.0&#8243; global_colors_info=&#8221;{}&#8221;][\/et_pb_image][\/et_pb_column][et_pb_column type=&#8221;3_5&#8243; _builder_version=&#8221;3.26.6&#8243; global_colors_info=&#8221;{}&#8221;][et_pb_text module_class=&#8221;noindent&#8221; _builder_version=&#8221;4.11.0&#8243; global_colors_info=&#8221;{}&#8221;]<\/p>\n<h2>Mystical Celtic Heart presents Festival of the Souls.<\/h2>\n<p>Sure to be the largest and first of its kind festival in Elk Grove, California! Happening Saturday, October 30th at Mystical Celtic Heart located at 9031 Elk Grove Blvd, Elk Grove, CA 95624.<\/p>\n<p>FREE ADMISSION and all ages are welcome to attend!<\/p>\n<p>Come celebrate All Hallows&#8217; Eve, Dia de Muertos and The Wheel of the Year with Food, Entertainment, Music, Activities and MORE! Remembering and honoring the departed souls, celebrating Samhain (pronounced &#8220;sow-en&#8221;), The Witches&#8217; New Year (Halloween), and the eight annual Sabbats that make up the Wheel of the Year which include Summer Solstice, Winter Solstice, Spring Equinox, and Fall Equinox.<\/p>\n<p>For more information visit the event website at <a href=\"http:\/\/www.festivalofthesouls.com\" target=\"_blank\" rel=\"noopener\">www.festivalofthesouls.com<\/a><\/p>\n<p>[\/et_pb_text][\/et_pb_column][\/et_pb_row][et_pb_row _builder_version=&#8221;3.26.7&#8243; global_colors_info=&#8221;{}&#8221;][et_pb_column type=&#8221;4_4&#8243; _builder_version=&#8221;3.26.7&#8243; global_colors_info=&#8221;{}&#8221;][et_pb_divider divider_weight=&#8221;3px&#8221; _builder_version=&#8221;3.26.7&#8243; width=&#8221;60%&#8221; module_alignment=&#8221;center&#8221; global_colors_info=&#8221;{}&#8221;][\/et_pb_divider][\/et_pb_column][\/et_pb_row][\/et_pb_section][et_pb_section fb_built=&#8221;1&#8243; _builder_version=&#8221;4.9.2&#8243; background_enable_image=&#8221;off&#8221; custom_margin=&#8221;||0px||false|false&#8221; custom_padding=&#8221;||0px||false|false&#8221; saved_tabs=&#8221;all&#8221; global_colors_info=&#8221;{}&#8221;][et_pb_row column_structure=&#8221;2_5,3_5&#8243; _builder_version=&#8221;3.26.6&#8243; global_colors_info=&#8221;{}&#8221;][et_pb_column type=&#8221;2_5&#8243; _builder_version=&#8221;3.26.6&#8243; global_colors_info=&#8221;{}&#8221;][et_pb_image src=&#8221;http:\/\/box2473.temp.domains\/~socieue2\/coreopsis\/autumn-2021-issue\/wp-content\/uploads\/2021\/10\/CA-revels-copy.png&#8221; title_text=&#8221;CA-revels copy&#8221; _builder_version=&#8221;4.11.0&#8243; global_colors_info=&#8221;{}&#8221;][\/et_pb_image][\/et_pb_column][et_pb_column type=&#8221;3_5&#8243; _builder_version=&#8221;3.26.6&#8243; global_colors_info=&#8221;{}&#8221;][et_pb_text module_class=&#8221;noindent&#8221; _builder_version=&#8221;4.11.0&#8243; global_colors_info=&#8221;{}&#8221;]<\/p>\n<h2>Christmas Revels<\/h2>\n<p><b>DID YOU MISS AUDITIONS FOR THIS YEAR\u2019S CHRISTMAS REVELS?<\/b><\/p>\n<p><a href=\"https:\/\/www.californiarevels.org\/\" target=\"_blank\" rel=\"noopener\">https:\/\/www.californiarevels.org\/<\/a><\/p>\n<p>California Christmas Revels, Oakland. CA<\/p>\n<p>\u200b\u200bIf so, contact Michele Sullivan at\u00a0 michele.sullivan@californiarevels.org\u00a0 \u200band let her know you\u2019re interested!\u00a0<\/p>\n<p>EXPERIENCE THE CHRISTMAS REVELS We are also a part of a national family of reveling cities. In this short video produced by the Cambridge Revels you can get a sense of the range of performances and community building that Revels has engaged in over the past three decades. Enjoy a small taste of what Revels is and does, all across the nation. <a href=\"https:\/\/youtu.be\/UPPqGa1s7pc\" target=\"_blank\" rel=\"noopener\">https:\/\/youtu.be\/UPPqGa1s7pc<\/a><\/p>\n<p><a href=\"https:\/\/www.californiarevels.org\/the-show.html\" target=\"_blank\" rel=\"noopener\"><b>2021 \u2014 OUR 36TH ANNUAL CHRISTMAS REVELS<\/b><\/a><\/p>\n<p><a href=\"https:\/\/www.californiarevels.org\/the-show.html\" target=\"_blank\" rel=\"noopener\"><b>https:\/\/www.californiarevels.org\/the-show.html<\/b><\/a><\/p>\n<p><i>This year California Revels dives into the Age of Sail, blending 19th Century London with the African American Gullah tradition and Caribbean folklore in an odyssey across the Atlantic. From sea chanties, mermaids, and Christmas carols to Jonkonnu and Papa Bois, we&#8217;ll celebrate the Winter Solstice through the eyes of Joseph Johnson, a man who lived his life in all these traditions.<\/i><\/p>\n<p>\u200b~~~~~~~<\/p>\n<p>We are planning a \u201chybrid\u201d show, welcoming the Solstice both live on stage and streaming to Revelers wherever they may be. COVID safety protocols will be in place for all performances. For questions, please contact Production Manager, Michele Sullivan:<\/p>\n<p>\u200b<a href=\"mailto:Michele.Sullivan@californiarevels.org\">Michele.Sullivan@californiarevels.org<\/a><\/p>\n<p><b>Live Performances:<\/b> Will be held in the sanctuary at First Congregational Church of Oakland, located at 2501 Harrison Street, at the corner of 27th Street. Please note performance dates, times, and COVID-19 safety requirements are subject to change pending the ever-changing landscape of COVID-19. COVID protocols will be in place at this event. Please check back on or after the Fall Equinox, September 22, for more information.<\/p>\n<p><b>On-demand Streaming: <\/b>Revel wherever you may be with our streaming option. More details still to come.<\/p>\n<p>[\/et_pb_text][\/et_pb_column][\/et_pb_row][et_pb_row _builder_version=&#8221;3.26.7&#8243; global_colors_info=&#8221;{}&#8221;][et_pb_column type=&#8221;4_4&#8243; _builder_version=&#8221;3.26.7&#8243; global_colors_info=&#8221;{}&#8221;][et_pb_divider divider_weight=&#8221;3px&#8221; _builder_version=&#8221;3.26.7&#8243; width=&#8221;60%&#8221; module_alignment=&#8221;center&#8221; global_colors_info=&#8221;{}&#8221;][\/et_pb_divider][\/et_pb_column][\/et_pb_row][\/et_pb_section][et_pb_section fb_built=&#8221;1&#8243; _builder_version=&#8221;4.9.2&#8243; background_enable_image=&#8221;off&#8221; custom_margin=&#8221;||0px||false|false&#8221; custom_padding=&#8221;||0px||false|false&#8221; saved_tabs=&#8221;all&#8221; global_colors_info=&#8221;{}&#8221;][et_pb_row column_structure=&#8221;2_5,3_5&#8243; _builder_version=&#8221;3.26.6&#8243; global_colors_info=&#8221;{}&#8221;][et_pb_column type=&#8221;2_5&#8243; _builder_version=&#8221;3.26.6&#8243; global_colors_info=&#8221;{}&#8221;][et_pb_image src=&#8221;http:\/\/box2473.temp.domains\/~socieue2\/coreopsis\/autumn-2021-issue\/wp-content\/uploads\/2021\/10\/LuisahTeish-300&#215;300.jpg&#8221; title_text=&#8221;LuisahTeish&#8221; _builder_version=&#8221;4.11.0&#8243; global_colors_info=&#8221;{}&#8221;][\/et_pb_image][\/et_pb_column][et_pb_column type=&#8221;3_5&#8243; _builder_version=&#8221;3.26.6&#8243; global_colors_info=&#8221;{}&#8221;][et_pb_text module_class=&#8221;noindent&#8221; _builder_version=&#8221;4.11.0&#8243; global_colors_info=&#8221;{}&#8221;]<\/p>\n<h2>From Yeye Luisah Teish:<\/h2>\n<p><i>Alafia Kindred Spirit:<\/i><\/p>\n<p><i>The best of health and safety to you.<\/i><\/p>\n<p><i>As we move into the fall season with its challenges and opportunities, it\u2019s important to stay connected, to support each other, and to keep growing.<\/i><\/p>\n<p><i>There are several exciting events coming up this season and I would like you to know about them.<\/i><\/p>\n<p><i>Check them out, mark your calendars, and spread the word in your community. You will be inspired by the many wonderful things available to take us through the season.<\/i><\/p>\n<p><i>I hope you will join me at some of them. Thank you for your work in the world.\u00a0<\/i><\/p>\n<p><i>\u00a0&#8211; Yeye Teish<\/i><\/p>\n<p>September 28-December 14, 2021: The Call of the Wild Feminine. <a href=\"http:\/\/www.wildfeminine.com\" target=\"_blank\" rel=\"noopener\">www.wildfeminine.com<\/a><\/p>\n<p>October 2- November 13, 2021: Cracking the Ancestral Code.<\/p>\n<p><a href=\"https:\/\/www.yeyeluisahteish.com\/cracking-the-ancestral-code.html\" target=\"_blank\" rel=\"noopener\">https:\/\/www.yeyeluisahteish.com\/cracking-the-ancestral-code.html<\/a><\/p>\n<p>October 17, 2021: Words Across the Water.\u00a0<\/p>\n<p><a href=\"http:\/\/www.yeyeluisahteish.com\" target=\"_blank\" rel=\"noopener\">www.yeyeluisahteish.com<\/a><\/p>\n<p>October 31-Nov. 8, 2021: Ancestral Souls Rising Festival.<\/p>\n<p><a href=\"http:\/\/www.yeyeluisahteish.com\" target=\"_blank\" rel=\"noopener\">www.yeyeluisahteish.com<\/a><\/p>\n<p>December 11, 2021: Dreaming the Deep.<\/p>\n<p><a href=\"http:\/\/www.daughtersofthegoddess.com\" target=\"_blank\" rel=\"noopener\">www.DaughtersoftheGoddess.com<\/a><\/p>\n<p>December 12, 2021: Spinning the Moon Master Class.\u00a0<\/p>\n<p><a href=\"mailto:Kelly@karmictools.com\">Kelly@karmictools.com<\/a>[\/et_pb_text][\/et_pb_column][\/et_pb_row][et_pb_row _builder_version=&#8221;3.26.7&#8243; global_colors_info=&#8221;{}&#8221;][et_pb_column type=&#8221;4_4&#8243; _builder_version=&#8221;3.26.7&#8243; global_colors_info=&#8221;{}&#8221;][et_pb_divider divider_weight=&#8221;3px&#8221; _builder_version=&#8221;3.26.7&#8243; width=&#8221;60%&#8221; module_alignment=&#8221;center&#8221; global_colors_info=&#8221;{}&#8221;][\/et_pb_divider][\/et_pb_column][\/et_pb_row][\/et_pb_section][et_pb_section fb_built=&#8221;1&#8243; _builder_version=&#8221;4.9.2&#8243; background_enable_image=&#8221;off&#8221; custom_margin=&#8221;||0px||false|false&#8221; custom_padding=&#8221;||0px||false|false&#8221; saved_tabs=&#8221;all&#8221; global_colors_info=&#8221;{}&#8221;][et_pb_row column_structure=&#8221;2_5,3_5&#8243; _builder_version=&#8221;3.26.6&#8243; global_colors_info=&#8221;{}&#8221;][et_pb_column type=&#8221;2_5&#8243; _builder_version=&#8221;3.26.6&#8243; global_colors_info=&#8221;{}&#8221;][et_pb_image src=&#8221;http:\/\/box2473.temp.domains\/~socieue2\/coreopsis\/autumn-2021-issue\/wp-content\/uploads\/2021\/10\/the-bright-way-creative-reset-logo-300&#215;71.png&#8221; title_text=&#8221;the-bright-way-creative-reset-logo&#8221; _builder_version=&#8221;4.11.0&#8243; global_colors_info=&#8221;{}&#8221;][\/et_pb_image][\/et_pb_column][et_pb_column type=&#8221;3_5&#8243; _builder_version=&#8221;3.26.6&#8243; global_colors_info=&#8221;{}&#8221;][et_pb_text module_class=&#8221;noindent&#8221; _builder_version=&#8221;4.11.0&#8243; global_colors_info=&#8221;{}&#8221;]<\/p>\n<h2>The Bright Way Creative Reset<\/h2>\n<p>For the first time, The Bright Way System is now being offered as an interactive course so that you can get real-time guidance and support on your way to manifesting your creativity!<\/p>\n<p>A program for freeing your creative flow via a gentle, proven process for gaining inspiration and taking action<\/p>\n<p>Unlock Your FLOW for Ever-Burning Motivation &amp; Inspiration, Discover the Unique Creative Voice Hidden Inside You, And Gain the Confidence to Share Your Unique Creative Genius With Those Who Matter Most<\/p>\n<p>Enroll in this brand-new 6-week experience for artistic creatives from all walks of life who want to reset from blocked to flowing with their unique brand of creative genius easily, predictably, and fully. Registration for this special experience ends 7th October 2021<\/p>\n<p>Bonus Gift while supplies last: your own personally signed copy of <a href=\"https:\/\/www.dianarowan.com\/book\" target=\"_blank\" rel=\"noopener\"><i>The Bright Way<\/i><\/a> book<\/p>\n<p><a href=\"https:\/\/dianarowan.mykajabi.com\/bright-way-creative-reset\" target=\"_blank\" rel=\"noopener\">https:\/\/dianarowan.mykajabi.com\/bright-way-creative-reset<\/a>[\/et_pb_text][\/et_pb_column][\/et_pb_row][et_pb_row _builder_version=&#8221;3.26.7&#8243; global_colors_info=&#8221;{}&#8221;][et_pb_column type=&#8221;4_4&#8243; _builder_version=&#8221;3.26.7&#8243; global_colors_info=&#8221;{}&#8221;][et_pb_divider divider_weight=&#8221;3px&#8221; _builder_version=&#8221;3.26.7&#8243; width=&#8221;60%&#8221; module_alignment=&#8221;center&#8221; global_colors_info=&#8221;{}&#8221;][\/et_pb_divider][\/et_pb_column][\/et_pb_row][\/et_pb_section][et_pb_section fb_built=&#8221;1&#8243; _builder_version=&#8221;4.9.2&#8243; background_enable_image=&#8221;off&#8221; custom_margin=&#8221;||0px||false|false&#8221; custom_padding=&#8221;||0px||false|false&#8221; saved_tabs=&#8221;all&#8221; global_colors_info=&#8221;{}&#8221;][et_pb_row column_structure=&#8221;2_5,3_5&#8243; _builder_version=&#8221;3.26.6&#8243; global_colors_info=&#8221;{}&#8221;][et_pb_column type=&#8221;2_5&#8243; _builder_version=&#8221;3.26.6&#8243; global_colors_info=&#8221;{}&#8221;][et_pb_image src=&#8221;http:\/\/box2473.temp.domains\/~socieue2\/coreopsis\/autumn-2021-issue\/wp-content\/uploads\/2021\/10\/mc52_logo-1.png&#8221; title_text=&#8221;mc52_logo&#8221; _builder_version=&#8221;4.11.0&#8243; global_colors_info=&#8221;{}&#8221;][\/et_pb_image][\/et_pb_column][et_pb_column type=&#8221;3_5&#8243; _builder_version=&#8221;3.26.6&#8243; global_colors_info=&#8221;{}&#8221;][et_pb_text module_class=&#8221;noindent&#8221; _builder_version=&#8221;4.11.0&#8243; global_colors_info=&#8221;{}&#8221;]<\/p>\n<h2>Mythcon 52<\/h2>\n<p><a href=\"http:\/\/www.mythsoc.org\/mythcon\/mythcon-52.htm\" target=\"_blank\" rel=\"noopener\">http:\/\/www.mythsoc.org\/mythcon\/mythcon-52.htm<\/a><\/p>\n<p><b>The Mythic, the Fantastic, and the Alien<\/b><\/p>\n<p>Albuquerque, New Mexico<\/p>\n<p>July 29 &#8211; August 1, 2022<\/p>\n<p>\u201cMythcon 52\u2019s theme provides multiple opportunities to explore the Other in fantasy and mythopoeic literature. Tolkien spoke in \u201cOn Fairy-stories\u201d of \u201cthe desire to visit, free as a fish, the deep sea; or the longing for the noiseless, gracious, economical flight of a bird.\u201d We invite discussion about the types of fantasy that are more likely to put us into contact with the alien, such as time portal fantasy and space travel fantasy. In addition to Inklings, some writers who deal particularly well with the truly alien who might be explored include Lovecraft, Gaiman, Le Guin, Tepper, and others. Other topics that might be fruitfully explored are: depictions of the alien Other in film and television (Contact, Arrival, HBO\u2019s Watchmen, etc.); developing constructed languages that are truly different from those of Earth-based humans; fantastical Others in indigenous myths (such as Coyote and Spider Woman from Native American mythology); and American folklore about the alien (flying saucers, alien abduction, Area 51, Roswell).\u201d[\/et_pb_text][\/et_pb_column][\/et_pb_row][et_pb_row _builder_version=&#8221;3.26.7&#8243; global_colors_info=&#8221;{}&#8221;][et_pb_column type=&#8221;4_4&#8243; _builder_version=&#8221;3.26.7&#8243; global_colors_info=&#8221;{}&#8221;][et_pb_divider divider_weight=&#8221;3px&#8221; _builder_version=&#8221;3.26.7&#8243; width=&#8221;60%&#8221; module_alignment=&#8221;center&#8221; global_colors_info=&#8221;{}&#8221;][\/et_pb_divider][\/et_pb_column][\/et_pb_row][\/et_pb_section][et_pb_section fb_built=&#8221;1&#8243; _builder_version=&#8221;4.9.2&#8243; background_enable_image=&#8221;off&#8221; custom_margin=&#8221;||0px||false|false&#8221; custom_padding=&#8221;||0px||false|false&#8221; saved_tabs=&#8221;all&#8221; global_colors_info=&#8221;{}&#8221;][et_pb_row column_structure=&#8221;2_5,3_5&#8243; _builder_version=&#8221;3.26.6&#8243; global_colors_info=&#8221;{}&#8221;][et_pb_column type=&#8221;2_5&#8243; _builder_version=&#8221;3.26.6&#8243; global_colors_info=&#8221;{}&#8221;][et_pb_image src=&#8221;http:\/\/box2473.temp.domains\/~socieue2\/coreopsis\/autumn-2021-issue\/wp-content\/uploads\/2021\/10\/pca_1.png&#8221; title_text=&#8221;pca_1&#8243; _builder_version=&#8221;4.11.0&#8243; global_colors_info=&#8221;{}&#8221;][\/et_pb_image][\/et_pb_column][et_pb_column type=&#8221;3_5&#8243; _builder_version=&#8221;3.26.6&#8243; global_colors_info=&#8221;{}&#8221;][et_pb_text module_class=&#8221;noindent&#8221; _builder_version=&#8221;4.11.0&#8243; global_colors_info=&#8221;{}&#8221;]<\/p>\n<h2>2022 PCA ANNUAL CONFERENCE<\/h2>\n<p>APRIL 13-16, 2022\u00a0<\/p>\n<p>SEATTLE, WA<\/p>\n<p><a href=\"https:\/\/pcaaca.org\/conference\/2022\" target=\"_blank\" rel=\"noopener\">https:\/\/pcaaca.org\/conference\/2022<\/a><\/p>\n<p>COVID-19 PLANNING AND RESPONSE UPDATES<\/p>\n<p><a href=\"https:\/\/pcaaca.org\/\" target=\"_blank\" rel=\"noopener\">The\u00a0 Popular Culture Association<\/a> is monitoring the COVID-19 situation closely.\u00a0 At this point, we are proceeding with plans for our 2022 conference to be held, as scheduled, in Seattle. In the event that the conference is moved into a virtual setting, postponed, or cancelled, we will notify members as soon as possible. Please check the website or follow PCA on Twitter or Facebook for the latest information.[\/et_pb_text][\/et_pb_column][\/et_pb_row][et_pb_row _builder_version=&#8221;3.26.7&#8243; global_colors_info=&#8221;{}&#8221;][et_pb_column type=&#8221;4_4&#8243; _builder_version=&#8221;3.26.7&#8243; global_colors_info=&#8221;{}&#8221;][et_pb_divider divider_weight=&#8221;3px&#8221; _builder_version=&#8221;3.26.7&#8243; width=&#8221;60%&#8221; module_alignment=&#8221;center&#8221; global_colors_info=&#8221;{}&#8221;][\/et_pb_divider][\/et_pb_column][\/et_pb_row][\/et_pb_section][et_pb_section fb_built=&#8221;1&#8243; _builder_version=&#8221;4.9.2&#8243; background_enable_image=&#8221;off&#8221; custom_margin=&#8221;||0px||false|false&#8221; custom_padding=&#8221;||0px||false|false&#8221; saved_tabs=&#8221;all&#8221; global_colors_info=&#8221;{}&#8221;][et_pb_row column_structure=&#8221;2_5,3_5&#8243; _builder_version=&#8221;3.26.6&#8243; global_colors_info=&#8221;{}&#8221;][et_pb_column type=&#8221;2_5&#8243; _builder_version=&#8221;3.26.6&#8243; global_colors_info=&#8221;{}&#8221;][et_pb_image src=&#8221;http:\/\/box2473.temp.domains\/~socieue2\/coreopsis\/autumn-2021-issue\/wp-content\/uploads\/2021\/10\/pca_1.png&#8221; title_text=&#8221;pca_1&#8243; _builder_version=&#8221;4.11.0&#8243; global_colors_info=&#8221;{}&#8221;][\/et_pb_image][\/et_pb_column][et_pb_column type=&#8221;3_5&#8243; _builder_version=&#8221;3.26.6&#8243; global_colors_info=&#8221;{}&#8221;][et_pb_text module_class=&#8221;noindent&#8221; _builder_version=&#8221;4.11.0&#8243; global_colors_info=&#8221;{}&#8221;]<\/p>\n<h2>Performance, Religion, and Spirituality<\/h2>\n<p><a href=\"https:\/\/iftr.org\/conference\" target=\"_blank\" rel=\"noopener\"><b>https:\/\/iftr.org\/conference<\/b><\/a><\/p>\n<p>The next IFTR conference will be in Reykjav\u00edk, Iceland, 20 June to 24 June 2022. More updates will be available soon.<\/p>\n<p>Conference Co-Chairs:\u00a0<\/p>\n<p>Magn\u00fas \u00de\u00f3r \u00deorbergsson; Sigr\u00ed\u00f0ur L\u00e1ra Sigurj\u00f3nsd\u00f3ttir<\/p>\n<p>On Facebook: <a href=\"https:\/\/www.facebook.com\/iftrcomms\" target=\"_blank\" rel=\"noopener\">https:\/\/www.facebook.com\/iftrcomms<\/a><\/p>\n<p>[\/et_pb_text][\/et_pb_column][\/et_pb_row][et_pb_row _builder_version=&#8221;3.26.7&#8243; global_colors_info=&#8221;{}&#8221;][et_pb_column type=&#8221;4_4&#8243; _builder_version=&#8221;3.26.7&#8243; global_colors_info=&#8221;{}&#8221;][et_pb_divider divider_weight=&#8221;3px&#8221; _builder_version=&#8221;3.26.7&#8243; width=&#8221;60%&#8221; module_alignment=&#8221;center&#8221; global_colors_info=&#8221;{}&#8221;][\/et_pb_divider][\/et_pb_column][\/et_pb_row][\/et_pb_section][et_pb_section fb_built=&#8221;1&#8243; _builder_version=&#8221;4.11.1&#8243; _module_preset=&#8221;default&#8221; global_colors_info=&#8221;{}&#8221;][et_pb_row _builder_version=&#8221;4.11.1&#8243; _module_preset=&#8221;default&#8221; global_colors_info=&#8221;{}&#8221;][et_pb_column type=&#8221;4_4&#8243; _builder_version=&#8221;4.11.1&#8243; _module_preset=&#8221;default&#8221; global_colors_info=&#8221;{}&#8221;][et_pb_image src=&#8221;https:\/\/societyforritualarts.com\/coreopsis\/autumn-2021-issue\/wp-content\/uploads\/2021\/10\/curlsbot-by-Margaret-Davis-h-1024&#215;351.jpg&#8221; title_text=&#8221;curlsbot-by-Margaret-Davis-h&#8221; _builder_version=&#8221;4.11.1&#8243; _module_preset=&#8221;default&#8221; global_colors_info=&#8221;{}&#8221;][\/et_pb_image][\/et_pb_column][\/et_pb_row][\/et_pb_section]<\/p>\n","protected":false},"excerpt":{"rendered":"<p>Gatherings &#8211; Autumn 2021Conferences, Festivals, Events Placed here in the order that we received the announcement. To have your gathering listed in Coreopsis Journal, please send a one-paragraph description, with publication and purchasing data included, to coreopsisjournalofmyththeatre@gmail.com, with subject line: \u201cConferences &amp; Festivals.\u201d Auditions, festivals, fairs conferences, performances, seminars, workshops, gallery openings, and retreats are [&hellip;]<\/p>\n","protected":false},"author":1,"featured_media":7,"parent":0,"menu_order":0,"comment_status":"closed","ping_status":"closed","template":"","meta":{"nf_dc_page":"","_et_pb_use_builder":"on","_et_pb_old_content":"","_et_gb_content_width":"","_monsterinsights_skip_tracking":false,"_monsterinsights_sitenote_active":false,"_monsterinsights_sitenote_note":"","_monsterinsights_sitenote_category":0,"footnotes":""},"class_list":["post-872","page","type-page","status-publish","has-post-thumbnail","hentry"],"yoast_head":"<!-- This site is optimized with the Yoast SEO plugin v27.5 - https:\/\/yoast.com\/product\/yoast-seo-wordpress\/ -->\n<title>Gatherings - Autumn 2021 - Coreopsis Journal Autumn 2021<\/title>\n<meta name=\"robots\" content=\"index, follow, max-snippet:-1, max-image-preview:large, max-video-preview:-1\" \/>\n<link rel=\"canonical\" href=\"https:\/\/societyforritualarts.com\/coreopsis\/autumn-2021-issue\/gatherings-autumn-2021\/\" \/>\n<meta property=\"og:locale\" content=\"en_US\" \/>\n<meta property=\"og:type\" content=\"article\" \/>\n<meta property=\"og:title\" content=\"Gatherings - Autumn 2021 - Coreopsis Journal Autumn 2021\" \/>\n<meta property=\"og:description\" content=\"Gatherings - Autumn 2021Conferences, Festivals, Events Placed here in the order that we received the announcement. To have your gathering listed in Coreopsis Journal, please send a one-paragraph description, with publication and purchasing data included, to coreopsisjournalofmyththeatre@gmail.com, with subject line: \u201cConferences &amp; Festivals.\u201d Auditions, festivals, fairs conferences, performances, seminars, workshops, gallery openings, and retreats are [&hellip;]\" \/>\n<meta property=\"og:url\" content=\"https:\/\/societyforritualarts.com\/coreopsis\/autumn-2021-issue\/gatherings-autumn-2021\/\" \/>\n<meta property=\"og:site_name\" content=\"Coreopsis Journal Autumn 2021\" \/>\n<meta property=\"article:modified_time\" content=\"2021-10-06T00:48:48+00:00\" \/>\n<meta property=\"og:image\" content=\"https:\/\/i2.wp.com\/societyforritualarts.com\/coreopsis\/autumn-2021-issue\/wp-content\/uploads\/2021\/09\/coreopsis-flower_site_icon.png?fit=512%2C512&ssl=1\" \/>\n\t<meta property=\"og:image:width\" content=\"512\" \/>\n\t<meta property=\"og:image:height\" content=\"512\" \/>\n\t<meta property=\"og:image:type\" content=\"image\/png\" \/>\n<meta name=\"twitter:card\" content=\"summary_large_image\" \/>\n<script type=\"application\/ld+json\" class=\"yoast-schema-graph\">{\"@context\":\"https:\\\/\\\/schema.org\",\"@graph\":[{\"@type\":\"WebPage\",\"@id\":\"https:\\\/\\\/societyforritualarts.com\\\/coreopsis\\\/autumn-2021-issue\\\/gatherings-autumn-2021\\\/\",\"url\":\"https:\\\/\\\/societyforritualarts.com\\\/coreopsis\\\/autumn-2021-issue\\\/gatherings-autumn-2021\\\/\",\"name\":\"Gatherings - Autumn 2021 - Coreopsis Journal Autumn 2021\",\"isPartOf\":{\"@id\":\"https:\\\/\\\/societyforritualarts.com\\\/coreopsis\\\/autumn-2021-issue\\\/#website\"},\"primaryImageOfPage\":{\"@id\":\"https:\\\/\\\/societyforritualarts.com\\\/coreopsis\\\/autumn-2021-issue\\\/gatherings-autumn-2021\\\/#primaryimage\"},\"image\":{\"@id\":\"https:\\\/\\\/societyforritualarts.com\\\/coreopsis\\\/autumn-2021-issue\\\/gatherings-autumn-2021\\\/#primaryimage\"},\"thumbnailUrl\":\"https:\\\/\\\/i0.wp.com\\\/societyforritualarts.com\\\/coreopsis\\\/autumn-2021-issue\\\/wp-content\\\/uploads\\\/2021\\\/09\\\/coreopsis-flower_site_icon.png?fit=512%2C512&ssl=1\",\"datePublished\":\"2021-10-01T04:57:29+00:00\",\"dateModified\":\"2021-10-06T00:48:48+00:00\",\"breadcrumb\":{\"@id\":\"https:\\\/\\\/societyforritualarts.com\\\/coreopsis\\\/autumn-2021-issue\\\/gatherings-autumn-2021\\\/#breadcrumb\"},\"inLanguage\":\"en-US\",\"potentialAction\":[{\"@type\":\"ReadAction\",\"target\":[\"https:\\\/\\\/societyforritualarts.com\\\/coreopsis\\\/autumn-2021-issue\\\/gatherings-autumn-2021\\\/\"]}]},{\"@type\":\"ImageObject\",\"inLanguage\":\"en-US\",\"@id\":\"https:\\\/\\\/societyforritualarts.com\\\/coreopsis\\\/autumn-2021-issue\\\/gatherings-autumn-2021\\\/#primaryimage\",\"url\":\"https:\\\/\\\/i0.wp.com\\\/societyforritualarts.com\\\/coreopsis\\\/autumn-2021-issue\\\/wp-content\\\/uploads\\\/2021\\\/09\\\/coreopsis-flower_site_icon.png?fit=512%2C512&ssl=1\",\"contentUrl\":\"https:\\\/\\\/i0.wp.com\\\/societyforritualarts.com\\\/coreopsis\\\/autumn-2021-issue\\\/wp-content\\\/uploads\\\/2021\\\/09\\\/coreopsis-flower_site_icon.png?fit=512%2C512&ssl=1\",\"width\":512,\"height\":512},{\"@type\":\"BreadcrumbList\",\"@id\":\"https:\\\/\\\/societyforritualarts.com\\\/coreopsis\\\/autumn-2021-issue\\\/gatherings-autumn-2021\\\/#breadcrumb\",\"itemListElement\":[{\"@type\":\"ListItem\",\"position\":1,\"name\":\"Home\",\"item\":\"https:\\\/\\\/societyforritualarts.com\\\/coreopsis\\\/autumn-2021-issue\\\/\"},{\"@type\":\"ListItem\",\"position\":2,\"name\":\"Gatherings &#8211; Autumn 2021\"}]},{\"@type\":\"WebSite\",\"@id\":\"https:\\\/\\\/societyforritualarts.com\\\/coreopsis\\\/autumn-2021-issue\\\/#website\",\"url\":\"https:\\\/\\\/societyforritualarts.com\\\/coreopsis\\\/autumn-2021-issue\\\/\",\"name\":\"Coreopsis Journal Autumn 2021\",\"description\":\"The Wild and the Familiar\",\"potentialAction\":[{\"@type\":\"SearchAction\",\"target\":{\"@type\":\"EntryPoint\",\"urlTemplate\":\"https:\\\/\\\/societyforritualarts.com\\\/coreopsis\\\/autumn-2021-issue\\\/?s={search_term_string}\"},\"query-input\":{\"@type\":\"PropertyValueSpecification\",\"valueRequired\":true,\"valueName\":\"search_term_string\"}}],\"inLanguage\":\"en-US\"}]}<\/script>\n<!-- \/ Yoast SEO plugin. -->","yoast_head_json":{"title":"Gatherings - Autumn 2021 - Coreopsis Journal Autumn 2021","robots":{"index":"index","follow":"follow","max-snippet":"max-snippet:-1","max-image-preview":"max-image-preview:large","max-video-preview":"max-video-preview:-1"},"canonical":"https:\/\/societyforritualarts.com\/coreopsis\/autumn-2021-issue\/gatherings-autumn-2021\/","og_locale":"en_US","og_type":"article","og_title":"Gatherings - Autumn 2021 - Coreopsis Journal Autumn 2021","og_description":"Gatherings - Autumn 2021Conferences, Festivals, Events Placed here in the order that we received the announcement. To have your gathering listed in Coreopsis Journal, please send a one-paragraph description, with publication and purchasing data included, to coreopsisjournalofmyththeatre@gmail.com, with subject line: \u201cConferences &amp; Festivals.\u201d Auditions, festivals, fairs conferences, performances, seminars, workshops, gallery openings, and retreats are [&hellip;]","og_url":"https:\/\/societyforritualarts.com\/coreopsis\/autumn-2021-issue\/gatherings-autumn-2021\/","og_site_name":"Coreopsis Journal Autumn 2021","article_modified_time":"2021-10-06T00:48:48+00:00","og_image":[{"width":512,"height":512,"url":"https:\/\/i2.wp.com\/societyforritualarts.com\/coreopsis\/autumn-2021-issue\/wp-content\/uploads\/2021\/09\/coreopsis-flower_site_icon.png?fit=512%2C512&ssl=1","type":"image\/png"}],"twitter_card":"summary_large_image","schema":{"@context":"https:\/\/schema.org","@graph":[{"@type":"WebPage","@id":"https:\/\/societyforritualarts.com\/coreopsis\/autumn-2021-issue\/gatherings-autumn-2021\/","url":"https:\/\/societyforritualarts.com\/coreopsis\/autumn-2021-issue\/gatherings-autumn-2021\/","name":"Gatherings - Autumn 2021 - Coreopsis Journal Autumn 2021","isPartOf":{"@id":"https:\/\/societyforritualarts.com\/coreopsis\/autumn-2021-issue\/#website"},"primaryImageOfPage":{"@id":"https:\/\/societyforritualarts.com\/coreopsis\/autumn-2021-issue\/gatherings-autumn-2021\/#primaryimage"},"image":{"@id":"https:\/\/societyforritualarts.com\/coreopsis\/autumn-2021-issue\/gatherings-autumn-2021\/#primaryimage"},"thumbnailUrl":"https:\/\/i0.wp.com\/societyforritualarts.com\/coreopsis\/autumn-2021-issue\/wp-content\/uploads\/2021\/09\/coreopsis-flower_site_icon.png?fit=512%2C512&ssl=1","datePublished":"2021-10-01T04:57:29+00:00","dateModified":"2021-10-06T00:48:48+00:00","breadcrumb":{"@id":"https:\/\/societyforritualarts.com\/coreopsis\/autumn-2021-issue\/gatherings-autumn-2021\/#breadcrumb"},"inLanguage":"en-US","potentialAction":[{"@type":"ReadAction","target":["https:\/\/societyforritualarts.com\/coreopsis\/autumn-2021-issue\/gatherings-autumn-2021\/"]}]},{"@type":"ImageObject","inLanguage":"en-US","@id":"https:\/\/societyforritualarts.com\/coreopsis\/autumn-2021-issue\/gatherings-autumn-2021\/#primaryimage","url":"https:\/\/i0.wp.com\/societyforritualarts.com\/coreopsis\/autumn-2021-issue\/wp-content\/uploads\/2021\/09\/coreopsis-flower_site_icon.png?fit=512%2C512&ssl=1","contentUrl":"https:\/\/i0.wp.com\/societyforritualarts.com\/coreopsis\/autumn-2021-issue\/wp-content\/uploads\/2021\/09\/coreopsis-flower_site_icon.png?fit=512%2C512&ssl=1","width":512,"height":512},{"@type":"BreadcrumbList","@id":"https:\/\/societyforritualarts.com\/coreopsis\/autumn-2021-issue\/gatherings-autumn-2021\/#breadcrumb","itemListElement":[{"@type":"ListItem","position":1,"name":"Home","item":"https:\/\/societyforritualarts.com\/coreopsis\/autumn-2021-issue\/"},{"@type":"ListItem","position":2,"name":"Gatherings &#8211; Autumn 2021"}]},{"@type":"WebSite","@id":"https:\/\/societyforritualarts.com\/coreopsis\/autumn-2021-issue\/#website","url":"https:\/\/societyforritualarts.com\/coreopsis\/autumn-2021-issue\/","name":"Coreopsis Journal Autumn 2021","description":"The Wild and the Familiar","potentialAction":[{"@type":"SearchAction","target":{"@type":"EntryPoint","urlTemplate":"https:\/\/societyforritualarts.com\/coreopsis\/autumn-2021-issue\/?s={search_term_string}"},"query-input":{"@type":"PropertyValueSpecification","valueRequired":true,"valueName":"search_term_string"}}],"inLanguage":"en-US"}]}},"jetpack_sharing_enabled":true,"_links":{"self":[{"href":"https:\/\/societyforritualarts.com\/coreopsis\/autumn-2021-issue\/wp-json\/wp\/v2\/pages\/872","targetHints":{"allow":["GET"]}}],"collection":[{"href":"https:\/\/societyforritualarts.com\/coreopsis\/autumn-2021-issue\/wp-json\/wp\/v2\/pages"}],"about":[{"href":"https:\/\/societyforritualarts.com\/coreopsis\/autumn-2021-issue\/wp-json\/wp\/v2\/types\/page"}],"author":[{"embeddable":true,"href":"https:\/\/societyforritualarts.com\/coreopsis\/autumn-2021-issue\/wp-json\/wp\/v2\/users\/1"}],"replies":[{"embeddable":true,"href":"https:\/\/societyforritualarts.com\/coreopsis\/autumn-2021-issue\/wp-json\/wp\/v2\/comments?post=872"}],"version-history":[{"count":5,"href":"https:\/\/societyforritualarts.com\/coreopsis\/autumn-2021-issue\/wp-json\/wp\/v2\/pages\/872\/revisions"}],"predecessor-version":[{"id":1067,"href":"https:\/\/societyforritualarts.com\/coreopsis\/autumn-2021-issue\/wp-json\/wp\/v2\/pages\/872\/revisions\/1067"}],"wp:featuredmedia":[{"embeddable":true,"href":"https:\/\/societyforritualarts.com\/coreopsis\/autumn-2021-issue\/wp-json\/wp\/v2\/media\/7"}],"wp:attachment":[{"href":"https:\/\/societyforritualarts.com\/coreopsis\/autumn-2021-issue\/wp-json\/wp\/v2\/media?parent=872"}],"curies":[{"name":"wp","href":"https:\/\/api.w.org\/{rel}","templated":true}]}}